{"id":878,"date":"2021-11-05T19:40:12","date_gmt":"2021-11-05T18:40:12","guid":{"rendered":"https:\/\/www.iberamia.org\/iberamia\/iberamia2022\/?page_id=878"},"modified":"2021-11-09T18:34:04","modified_gmt":"2021-11-09T17:34:04","slug":"simdia-2021-programa","status":"publish","type":"page","link":"https:\/\/www.iberamia.org\/iberamia\/iberamia2022\/simdia-2021-programa\/","title":{"rendered":"simdia-2021-programa"},"content":{"rendered":"<h3 style=\"text-align: center;\"><span style=\"color: #003366;\"><b>PRIMER SIMPOSIO IBEROAMERICANO DE MAESTR\u00cdA y DOCTORADO EN INTELIGENCIA ARTIFICIAL<\/b><\/span><\/h3>\n<h2 style=\"text-align: center;\"><span style=\"color: #003366;\"><b>SIMDIA\u20192021<\/b><\/span><\/h2>\n<h4 style=\"text-align: center;\"><span style=\"color: #333333;\"><b>11 de noviembre de 2021<\/b><\/span><\/h4>\n<h4 style=\"text-align: center;\"><span style=\"color: #333333;\"><b>Modalidad Virtual<\/b><\/span><\/h4>\n<hr \/>\n<p><strong>SESIONES P\u00daBLICAS POR Google &#8211; meet\u00a0 : meet.google.com\/iic-ejqr-gwn<\/strong><\/p>\n<p><strong>Fecha:<\/strong> Jueves 11 de noviembre<\/p>\n<p><strong>Hora\u00a0 comienzo:\u00a0<\/strong> 9 a.m. Costa Rica (Cr) , 10 a.m. Colombia (Co)\u00a0 12\u00a0 a.m. Brasil (Br) 16\u00a0 Espa\u00f1a (Es)<\/p>\n<table style=\"width: 953px;\">\n<tbody>\n<tr style=\"border-style: solid;\">\n<td style=\"width: 44px; border-style: solid; text-align: center;\">\n<h6><strong>Hora Cr<\/strong><\/h6>\n<\/td>\n<td style=\"width: 10px; border-style: solid; text-align: center;\">\n<h6><strong>\u00a0Hora Co\u00a0<\/strong><\/h6>\n<\/td>\n<td style=\"width: 19px; border-style: solid; text-align: center;\">\n<h6><strong>Hora Br<\/strong><\/h6>\n<\/td>\n<td style=\"width: 10px; border-style: solid; text-align: center;\">\n<h6><strong>Hora Es<\/strong><\/h6>\n<\/td>\n<td style=\"width: 747px; text-align: center;\">\n<h5><strong>PROGRAMACI\u00d3N SIMDIA 2021<\/strong><\/h5>\n<\/td>\n<td style=\"width: 384px;\"><\/td>\n<\/tr>\n<tr>\n<td style=\"width: 44px; border-style: solid;\">\n<h6>9:00<\/h6>\n<\/td>\n<td style=\"width: 10px; border-style: solid;\">\n<h6><span style=\"font-weight: 400;\">10:00<\/span><\/h6>\n<\/td>\n<td style=\"width: 19px; border-style: solid;\">\n<h6>12:00<\/h6>\n<\/td>\n<td style=\"width: 10px; border-style: solid;\">\n<h6>16:00<\/h6>\n<\/td>\n<td style=\"width: 747px; text-align: center; border-style: solid;\"><strong>APERTURA SIMDIA<\/strong><\/td>\n<td style=\"width: 384px; border-style: solid;\"><span style=\"font-weight: 400;\">Comit\u00e9 Ejecutivo de Iberamia<\/span><\/td>\n<\/tr>\n<tr>\n<td style=\"width: 44px; background-color: #f0e4e4; border-style: solid;\">\n<h6>9:20<\/h6>\n<\/td>\n<td style=\"width: 10px; background-color: #f0e4e4; border-style: solid;\">\n<h6><span style=\"font-weight: 400;\">10:20<\/span><\/h6>\n<\/td>\n<td style=\"width: 19px; background-color: #f0e4e4; border-style: solid;\">\n<h6>12,20<\/h6>\n<\/td>\n<td style=\"width: 10px; background-color: #f0e4e4; border-style: solid;\">\n<h6>16,20<\/h6>\n<\/td>\n<td style=\"width: 747px; text-align: center; background-color: #f0e4e4; border-style: solid;\">\n<h5><strong>SIMDIA-MAESTR\u00cdA<\/strong><\/h5>\n<\/td>\n<td style=\"width: 384px; background-color: #f0e4e4; border-style: solid;\"><span style=\"font-weight: 400;\">N\u00e9stor Dar\u00edo Duque M\u00e9ndez.<br \/>\nCoordinador Maestr\u00eda<\/span><\/td>\n<\/tr>\n<tr>\n<td style=\"width: 44px; border-style: solid;\">\n<h6>9,:25<\/h6>\n<\/td>\n<td style=\"width: 10px; border-style: solid;\">\n<h6><span style=\"font-weight: 400;\">10:25<\/span><\/h6>\n<\/td>\n<td style=\"width: 19px; border-style: solid;\">\n<h6>12:25<\/h6>\n<\/td>\n<td style=\"width: 10px; border-style: solid;\">\n<h6>16:25<\/h6>\n<\/td>\n<td style=\"width: 747px; border-style: solid;\"><i><span style=\"font-weight: 400;\"><strong>Sesi\u00f3n 1<\/strong>: Detecci\u00f3n y Segmentaci\u00f3n Sem\u00e1ntica de Displasias Corticales Focales en Sujetos con Epilepsia Refractaria por Medio de Im\u00e1genes de Resonancia Magn\u00e9tica y Aprendizaje Profundo<\/span><\/i><\/td>\n<td style=\"width: 384px; border-style: solid;\"><span style=\"font-weight: 400;\">David Jim\u00e9nez-Murillo, Juan David Mart\u00ednez-Vargas and Andr\u00e9s Eduardo Castro Ospina<\/span><\/td>\n<\/tr>\n<tr>\n<td style=\"width: 44px; border-style: solid;\">\n<h6><span style=\"font-weight: 400;\">9:45<\/span><\/h6>\n<\/td>\n<td style=\"width: 10px; border-style: solid;\">\n<h6><span style=\"font-weight: 400;\">10:45<\/span><\/h6>\n<\/td>\n<td style=\"width: 19px; border-style: solid;\">\n<h6>12:45<\/h6>\n<\/td>\n<td style=\"width: 10px; border-style: solid;\">\n<h6>16:45<\/h6>\n<\/td>\n<td style=\"width: 747px; border-style: solid;\"><i><span style=\"font-weight: 400;\"><strong>Sesi\u00f3n 2<\/strong> :Uma Abordagem de Auto-ML para An\u00e1lise de Sentimentos na L\u00edngua Portuguesa<\/span><\/i><\/td>\n<td style=\"width: 384px; border-style: solid;\"><span style=\"font-weight: 400;\">Douglas Nunes de Oliveira and Luiz Merschmann.<\/span><\/td>\n<\/tr>\n<tr>\n<td style=\"width: 44px; border-style: solid;\">\n<h6>10:05<\/h6>\n<\/td>\n<td style=\"width: 10px; border-style: solid;\">\n<h6>11:05<\/h6>\n<\/td>\n<td style=\"width: 19px; border-style: solid;\">\n<h6>13:05<\/h6>\n<\/td>\n<td style=\"width: 10px; border-style: solid;\">\n<h6>17:05<\/h6>\n<\/td>\n<td style=\"width: 747px; border-style: solid;\"><i><span style=\"font-weight: 400;\"><strong>Sesi\u00f3n 3<\/strong>: Implementaci\u00f3n de un Sistema de Detecci\u00f3n de Intrusos Soportado en T\u00e9cnicas de Aprendizaje Supervisado Orientado a Servicios en la Nube para la Detecci\u00f3n de Ataques de Denegaci\u00f3n de Servicios Distribuidos<\/span><\/i><\/td>\n<td style=\"width: 384px; border-style: solid;\"><span style=\"font-weight: 400;\">Jose Albeiro Montes Gil, N\u00e9stor Dar\u00edo Duque M\u00e9ndez and Gustavo Adolfo Isaza Echeverry.<\/span><\/td>\n<\/tr>\n<tr>\n<td style=\"width: 44px; background-color: #a2ebe7; border-style: solid;\">\n<h6>10:25<\/h6>\n<\/td>\n<td style=\"width: 10px; background-color: #a2ebe7; border-style: solid;\">\n<h6>11:25<\/h6>\n<\/td>\n<td style=\"width: 19px; background-color: #a2ebe7; border-style: solid;\">\n<h6>13:25<\/h6>\n<\/td>\n<td style=\"width: 10px; background-color: #a2ebe7; border-style: solid;\">\n<h6>17:25<\/h6>\n<\/td>\n<td style=\"width: 747px; background-color: #a2ebe7; border-style: solid;\">\n<p style=\"text-align: center;\"><b>RECESO<\/b><\/p>\n<\/td>\n<td style=\"width: 384px; background-color: #a2ebe7; border-style: solid;\"><\/td>\n<\/tr>\n<\/tbody>\n<\/table>\n<table style=\"width: 953px;\">\n<tbody>\n<tr style=\"height: 34px;\">\n<td style=\"width: 44px; height: 34px; background-color: #ebd3d3; border-style: solid; text-align: center;\">\n<h6><span style=\"font-weight: 400;\">Hora <\/span><span style=\"font-weight: 400;\">Cr<\/span><\/h6>\n<\/td>\n<td style=\"width: 10px; height: 34px; background-color: #ebd3d3; border-style: solid; text-align: center;\">\n<h6><span style=\"font-weight: 400;\">\u00a0Hora Co\u00a0<\/span><\/h6>\n<\/td>\n<td style=\"width: 19px; height: 34px; background-color: #ebd3d3; border-style: solid; text-align: center;\">\n<h6><span style=\"font-weight: 400;\">Hora <\/span><span style=\"font-weight: 400;\">Br<\/span><\/h6>\n<\/td>\n<td style=\"width: 10px; height: 34px; background-color: #ebd3d3; border-style: solid; text-align: center;\">\n<h6>Hora Es<\/h6>\n<\/td>\n<td style=\"width: 747px; text-align: center; height: 34px; background-color: #ebd3d3; border-style: solid;\">\n<h5><strong>SIMDIA-DOCTORADO<\/strong><\/h5>\n<\/td>\n<td style=\"width: 383px; height: 34px; background-color: #ebd3d3; border-style: solid;\">Juan de Dios Murillo Morera.<br \/>\nCoordinador Doctorado<\/td>\n<\/tr>\n<tr style=\"height: 49px;\">\n<td style=\"width: 44px; height: 49px; border-style: solid;\">\n<h6>10:45<\/h6>\n<\/td>\n<td style=\"width: 10px; height: 49px; border-style: solid;\">\n<h6><span style=\"font-weight: 400;\">11:45<\/span><\/h6>\n<\/td>\n<td style=\"width: 19px; height: 49px; border-style: solid;\">\n<h6>13:45<\/h6>\n<\/td>\n<td style=\"width: 10px; height: 49px; border-style: solid;\">\n<h6>17;45<\/h6>\n<\/td>\n<td style=\"width: 747px; height: 49px; border-style: solid;\"><em><span style=\"font-weight: 400;\"><strong>Sesi\u00f3n 1<\/strong>: Algoritmos de sumarizaci\u00f3n ling\u00fc\u00edstica de datos para la ayuda a la toma de decisiones<\/span><\/em><\/td>\n<td style=\"width: 383px; height: 49px; border-style: solid;\">Iliana P\u00e9rez Pupo, Pedro Y. Pi\u00f1ero P<em>\u00e9rez and Rafael E. Bello P\u00e9rez<\/em><\/td>\n<\/tr>\n<tr style=\"height: 49px;\">\n<td style=\"width: 44px; height: 49px; border-style: solid;\">\n<h6>11:05<\/h6>\n<\/td>\n<td style=\"width: 10px; height: 49px; border-style: solid;\">\n<h6><span style=\"font-weight: 400;\">12:05<\/span><\/h6>\n<\/td>\n<td style=\"width: 19px; height: 49px; border-style: solid;\">\n<h6><span style=\"font-weight: 400;\">14:05<\/span><\/h6>\n<\/td>\n<td style=\"width: 10px; height: 49px; border-style: solid;\">\n<h6><span style=\"font-weight: 400;\">18:05<\/span><\/h6>\n<\/td>\n<td style=\"width: 747px; height: 49px; border-style: solid;\"><em><span style=\"font-weight: 400;\"><strong>Sesi\u00f3n 2<\/strong>:Desarrollo de m\u00e9todos de recomendaci\u00f3n grupal basada en contenido con aplicaci\u00f3n en el sector tur\u00edstico<\/span><\/em><\/td>\n<td style=\"width: 383px; height: 49px; border-style: solid;\">Yilena P\u00e9rez Almaguer and Raciel Yera Toledo<\/td>\n<\/tr>\n<tr style=\"height: 49px;\">\n<td style=\"width: 44px; height: 49px; border-style: solid;\">\n<h6>11:25<\/h6>\n<\/td>\n<td style=\"width: 10px; height: 49px; border-style: solid;\">\n<h6>12:25<\/h6>\n<\/td>\n<td style=\"width: 19px; height: 49px; border-style: solid;\">\n<h6>14:25<\/h6>\n<\/td>\n<td style=\"width: 10px; height: 49px; border-style: solid;\">\n<h6>18,25<\/h6>\n<\/td>\n<td style=\"width: 747px; height: 49px; border-style: solid;\"><i><span style=\"font-weight: 400;\"><strong>Sesi\u00f3n 3<\/strong>: <span data-sheets-value=\"{&quot;1&quot;:2,&quot;2&quot;:&quot;Similarity Notions in Bipolar Abstract Argumentation&quot;}\" data-sheets-userformat=\"{&quot;2&quot;:23041,&quot;3&quot;:{&quot;1&quot;:0},&quot;12&quot;:0,&quot;14&quot;:{&quot;1&quot;:2,&quot;2&quot;:0},&quot;15&quot;:&quot;Arial&quot;,&quot;17&quot;:1}\">Similarity Notions in Bipolar Abstract Argumentation<\/span><\/span><\/i><\/td>\n<td style=\"width: 383px; height: 49px; border-style: solid;\">Paola Daniela Budan<\/td>\n<\/tr>\n<tr style=\"height: 49px;\">\n<td style=\"width: 44px; height: 49px; background-color: #a4ebe9; border-style: solid;\">\n<h6><span style=\"font-weight: 400;\">11:45<\/span><\/h6>\n<\/td>\n<td style=\"width: 10px; height: 49px; background-color: #a4ebe9; border-style: solid;\">\n<h6><span style=\"font-weight: 400;\">12:45<\/span><\/h6>\n<\/td>\n<td style=\"width: 19px; height: 49px; background-color: #a4ebe9; border-style: solid;\">\n<h6>14,45<\/h6>\n<\/td>\n<td style=\"width: 10px; height: 49px; background-color: #a4ebe9; border-style: solid;\">\n<h6>18:45<\/h6>\n<\/td>\n<td style=\"width: 747px; text-align: center; height: 49px; background-color: #a4ebe9; border-style: solid;\"><b>RECESO<\/b><\/td>\n<td style=\"width: 383px; height: 49px; background-color: #a4ebe9; border-style: solid;\"><\/td>\n<\/tr>\n<tr style=\"height: 49px;\">\n<td style=\"width: 44px; height: 49px; border-style: solid;\">\n<h6>12:00<\/h6>\n<\/td>\n<td style=\"width: 10px; height: 49px; border-style: solid;\">\n<h6>13:00<\/h6>\n<\/td>\n<td style=\"width: 19px; height: 49px; border-style: solid;\">\n<h6>15:00<\/h6>\n<\/td>\n<td style=\"width: 10px; height: 49px; border-style: solid;\">\n<h6>19:00<\/h6>\n<\/td>\n<td style=\"width: 747px; height: 49px; border-style: solid;\"><i><span style=\"font-weight: 400;\"><strong>Sesi\u00f3n 4<\/strong>:<span data-sheets-value=\"{&quot;1&quot;:2,&quot;2&quot;:&quot;Nuevas Extensiones de Mapas Cognitivos Difusos para Problemas de Toma de Decisiones Secuenciales Multietapa&quot;}\" data-sheets-userformat=\"{&quot;2&quot;:23041,&quot;3&quot;:{&quot;1&quot;:0},&quot;12&quot;:0,&quot;14&quot;:{&quot;1&quot;:2,&quot;2&quot;:0},&quot;15&quot;:&quot;Arial&quot;,&quot;17&quot;:1}\">Nuevas Extensiones de Mapas Cognitivos Difusos para Problemas de Toma de Decisiones Secuenciales Multietapa<\/span><\/span><\/i><\/td>\n<td style=\"width: 383px; height: 49px; border-style: solid;\">Salah Hasan Saleh Al-Subhi and Pedro Pi\u00f1ero P\u00e9rez<\/td>\n<\/tr>\n<tr style=\"height: 49px;\">\n<td style=\"width: 44px; height: 49px; border-style: solid;\">\n<h6>12:20<\/h6>\n<\/td>\n<td style=\"width: 10px; height: 49px; border-style: solid;\">\n<h6>13:20<\/h6>\n<\/td>\n<td style=\"width: 19px; height: 49px; border-style: solid;\">\n<h6>15:20<\/h6>\n<\/td>\n<td style=\"width: 10px; height: 49px; border-style: solid;\">\n<h6>19:20<\/h6>\n<\/td>\n<td style=\"width: 747px; height: 49px; border-style: solid;\"><em><strong>Sesi\u00f3n 5<\/strong> :Algoritmos de estimaci\u00f3n de distribuciones con tratamiento de restricciones para la construcci\u00f3n de cronogramas de proyectos<\/em><\/td>\n<td style=\"width: 383px; height: 49px; border-style: solid;\">Gaafar Sadeq Saeed Mahdi.<\/td>\n<\/tr>\n<tr style=\"height: 49px;\">\n<td style=\"width: 44px; height: 49px; border-style: solid;\">\n<h6><em>12:40<\/em><\/h6>\n<\/td>\n<td style=\"width: 10px; height: 49px; border-style: solid;\">\n<h6><em>13:40<\/em><\/h6>\n<\/td>\n<td style=\"width: 19px; height: 49px; border-style: solid;\">\n<h6><em>15:40<\/em><\/h6>\n<\/td>\n<td style=\"width: 10px; height: 49px; border-style: solid;\">\n<h6><em>19:40<\/em><\/h6>\n<\/td>\n<td style=\"width: 747px; height: 49px; border-style: solid;\"><em><strong>Sesi\u00f3n 6<\/strong> :Calculating the Strength of Rhetorical Arguments in Persuasive Negotiation Dialogues<\/em><\/td>\n<td style=\"width: 383px; height: 49px; border-style: solid;\">Mariela Morveli-Espinoza and Cesar A. Tacla<\/td>\n<\/tr>\n<tr style=\"height: 49px;\">\n<td style=\"width: 44px; height: 10px; background-color: #ddeda6; border-style: solid;\"><\/td>\n<td style=\"width: 10px; height: 10px; background-color: #ddeda6; border-style: solid;\"><\/td>\n<td style=\"width: 19px; height: 10px; background-color: #ddeda6; border-style: solid;\"><\/td>\n<td style=\"width: 10px; height: 10px; background-color: #ddeda6; border-style: solid;\"><\/td>\n<td style=\"width: 747px; height: 10px; background-color: #ddeda6; border-style: solid;\"><\/td>\n<td style=\"width: 383px; height: 10px; background-color: #ddeda6; border-style: solid;\"><\/td>\n<\/tr>\n<tr style=\"height: 49px;\">\n<td style=\"width: 44px; height: 49px; border-style: solid;\">\n<h6>13:40<\/h6>\n<\/td>\n<td style=\"width: 10px; height: 49px; border-style: solid;\">\n<h6>14:40<\/h6>\n<\/td>\n<td style=\"width: 19px; height: 49px; border-style: solid;\">\n<h6>16:40<\/h6>\n<\/td>\n<td style=\"width: 10px; height: 49px; border-style: solid;\">\n<h6>20:40<\/h6>\n<\/td>\n<td style=\"width: 747px; height: 49px; border-style: solid;\">\n<p style=\"text-align: center;\"><strong>Clausura y Premiaci\u00f3n<\/strong><br \/>\n<strong>Maestr\u00eda \/ <\/strong><strong>Doctorado<\/strong><\/p>\n<\/td>\n<td style=\"width: 383px; height: 49px; border-style: solid;\"><\/td>\n<\/tr>\n<\/tbody>\n<\/table>\n<p>&nbsp;<\/p>\n<p>&nbsp;<\/p>\n","protected":false},"excerpt":{"rendered":"<p>PRIMER SIMPOSIO IBEROAMERICANO DE MAESTR\u00cdA y DOCTORADO EN INTELIGENCIA ARTIFICIAL SIMDIA\u20192021 11 de noviembre de 2021 Modalidad Virtual SESIONES P\u00daBLICAS POR Google &#8211; meet\u00a0 : meet.google.com\/iic-ejqr-gwn Fecha: Jueves 11 de noviembre Hora\u00a0 comienzo:\u00a0 9 a.m. Costa Rica (Cr) , 10 a.m. Colombia (Co)\u00a0 12\u00a0 a.m. Brasil (Br) 16\u00a0 Espa\u00f1a (Es) Hora Cr \u00a0Hora Co\u00a0 Hora Br Hora Es PROGRAMACI\u00d3N SIMDIA 2021 9:00 10:00 12:00 16:00 APERTURA SIMDIA Comit\u00e9 Ejecutivo de&hellip; <\/p>\n","protected":false},"author":1,"featured_media":0,"parent":0,"menu_order":0,"comment_status":"closed","ping_status":"closed","template":"layouts\/page-fullwidth.php","meta":{"footnotes":""},"class_list":["post-878","page","type-page","status-publish","hentry"],"_links":{"self":[{"href":"https:\/\/www.iberamia.org\/iberamia\/iberamia2022\/wp-json\/wp\/v2\/pages\/878","targetHints":{"allow":["GET"]}}],"collection":[{"href":"https:\/\/www.iberamia.org\/iberamia\/iberamia2022\/wp-json\/wp\/v2\/pages"}],"about":[{"href":"https:\/\/www.iberamia.org\/iberamia\/iberamia2022\/wp-json\/wp\/v2\/types\/page"}],"author":[{"embeddable":true,"href":"https:\/\/www.iberamia.org\/iberamia\/iberamia2022\/wp-json\/wp\/v2\/users\/1"}],"replies":[{"embeddable":true,"href":"https:\/\/www.iberamia.org\/iberamia\/iberamia2022\/wp-json\/wp\/v2\/comments?post=878"}],"version-history":[{"count":22,"href":"https:\/\/www.iberamia.org\/iberamia\/iberamia2022\/wp-json\/wp\/v2\/pages\/878\/revisions"}],"predecessor-version":[{"id":1383,"href":"https:\/\/www.iberamia.org\/iberamia\/iberamia2022\/wp-json\/wp\/v2\/pages\/878\/revisions\/1383"}],"wp:attachment":[{"href":"https:\/\/www.iberamia.org\/iberamia\/iberamia2022\/wp-json\/wp\/v2\/media?parent=878"}],"curies":[{"name":"wp","href":"https:\/\/api.w.org\/{rel}","templated":true}]}}